{"id":4377,"date":"2018-02-12T10:59:55","date_gmt":"2018-02-12T09:59:55","guid":{"rendered":"http:\/\/sierraifabra.com\/?page_id=4377"},"modified":"2019-02-12T19:29:02","modified_gmt":"2019-02-12T18:29:02","slug":"acta-de-la-concesion-del-xiii-premio-jordi-sierra-i-fabra-para-jovenes-2018","status":"publish","type":"page","link":"https:\/\/sierraifabra.com\/?page_id=4377&lang=es","title":{"rendered":"ENTREGA Y ACTA DEL PREMIO JORDI SIERRA I FABRA 2018"},"content":{"rendered":"<p style=\"text-align: center;\"><strong>ENTREGA DEL XIII PREMIO LITERARIO JORDI SIERRA I FABRA<br \/>\n<\/strong><a href=\"http:\/\/sierraifabra.com\/wp-content\/uploads\/2018\/05\/Ines-y-yo.jpg\"><img loading=\"lazy\" decoding=\"async\" class=\"alignnone wp-image-4529\" src=\"http:\/\/sierraifabra.com\/wp-content\/uploads\/2018\/05\/Ines-y-yo-222x300.jpg\" sizes=\"auto, (max-width: 149px) 100vw, 149px\" srcset=\"http:\/\/sierraifabra.com\/wp-content\/uploads\/2018\/05\/Ines-y-yo-222x300.jpg 222x, http:\/\/sierraifabra.com\/wp-content\/uploads\/2018\/05\/Ines-y-yo.jpg 701x\" alt=\"\" width=\"149\" height=\"201\" \/><\/a>\u00a0 \u00a0<a href=\"http:\/\/sierraifabra.com\/wp-content\/uploads\/2018\/05\/Entrega1.jpg\"><img loading=\"lazy\" decoding=\"async\" class=\"alignnone wp-image-4530\" src=\"http:\/\/sierraifabra.com\/wp-content\/uploads\/2018\/05\/Entrega1-300x208.jpg\" sizes=\"auto, (max-width: 288px) 100vw, 288px\" srcset=\"http:\/\/sierraifabra.com\/wp-content\/uploads\/2018\/05\/Entrega1-300x208.jpg 300x, http:\/\/sierraifabra.com\/wp-content\/uploads\/2018\/05\/Entrega1-768x532.jpg 768x, http:\/\/sierraifabra.com\/wp-content\/uploads\/2018\/05\/Entrega1-1024x710.jpg 1024x\" alt=\"\" width=\"288\" height=\"200\" \/><\/a> \u00a0 <a href=\"http:\/\/sierraifabra.com\/wp-content\/uploads\/2018\/06\/Entrega1.jpg\"><img loading=\"lazy\" decoding=\"async\" class=\"alignnone wp-image-4559\" src=\"http:\/\/sierraifabra.com\/wp-content\/uploads\/2018\/06\/Entrega1-300x252.jpg\" alt=\"\" width=\"240\" height=\"201\" srcset=\"https:\/\/sierraifabra.com\/wp-content\/uploads\/2018\/06\/Entrega1-300x252.jpg 300w, https:\/\/sierraifabra.com\/wp-content\/uploads\/2018\/06\/Entrega1.jpg 757w\" sizes=\"auto, (max-width: 240px) 100vw, 240px\" \/><\/a><a href=\"http:\/\/sierraifabra.com\/wp-content\/uploads\/2018\/05\/5-ganadoras.jpg\"><img loading=\"lazy\" decoding=\"async\" class=\"alignnone wp-image-4532\" src=\"http:\/\/sierraifabra.com\/wp-content\/uploads\/2018\/05\/5-ganadoras-300x208.jpg\" sizes=\"auto, (max-width: 231px) 100vw, 231px\" srcset=\"http:\/\/sierraifabra.com\/wp-content\/uploads\/2018\/05\/5-ganadoras-300x208.jpg 300x, http:\/\/sierraifabra.com\/wp-content\/uploads\/2018\/05\/5-ganadoras-768x533.jpg 768x, http:\/\/sierraifabra.com\/wp-content\/uploads\/2018\/05\/5-ganadoras.jpg 998x\" alt=\"\" width=\"231\" height=\"160\" \/><\/a>\u00a0\u00a0 <a href=\"http:\/\/sierraifabra.com\/wp-content\/uploads\/2018\/05\/Ines.jpg\"><img loading=\"lazy\" decoding=\"async\" class=\"alignnone wp-image-4537\" src=\"http:\/\/sierraifabra.com\/wp-content\/uploads\/2018\/05\/Ines-225x300.jpg\" alt=\"\" width=\"120\" height=\"160\" srcset=\"https:\/\/sierraifabra.com\/wp-content\/uploads\/2018\/05\/Ines-225x300.jpg 225w, https:\/\/sierraifabra.com\/wp-content\/uploads\/2018\/05\/Ines-768x1024.jpg 768w, https:\/\/sierraifabra.com\/wp-content\/uploads\/2018\/05\/Ines-360x480.jpg 360w\" sizes=\"auto, (max-width: 120px) 100vw, 120px\" \/><\/a>\u00a0\u00a0 <a href=\"http:\/\/sierraifabra.com\/wp-content\/uploads\/2018\/06\/Entrega3.jpg\"><img loading=\"lazy\" decoding=\"async\" class=\"alignnone wp-image-4560\" src=\"http:\/\/sierraifabra.com\/wp-content\/uploads\/2018\/06\/Entrega3-200x300.jpg\" alt=\"\" width=\"107\" height=\"161\" srcset=\"https:\/\/sierraifabra.com\/wp-content\/uploads\/2018\/06\/Entrega3-200x300.jpg 200w, https:\/\/sierraifabra.com\/wp-content\/uploads\/2018\/06\/Entrega3-768x1152.jpg 768w, https:\/\/sierraifabra.com\/wp-content\/uploads\/2018\/06\/Entrega3-683x1024.jpg 683w, https:\/\/sierraifabra.com\/wp-content\/uploads\/2018\/06\/Entrega3.jpg 800w\" sizes=\"auto, (max-width: 107px) 100vw, 107px\" \/><\/a><\/p>\n<p style=\"text-align: left;\"><strong>\u00a0<\/strong>\u00a0\u00a0\u00a0\u00a0\u00a0\u00a0\u00a0\u00a0 Se entreg\u00f3 en Madrid el XIII Premio Literario para J\u00f3venes Jordi Sierra i Fabra y se present\u00f3 la obra vencedora, \u201cBuenos d\u00edas, Laia\u201d. La ganadora, In\u00e9s Cortell Cerd\u00e1, de 15 a\u00f1os, recibi\u00f3 no s\u00f3lo el trofeo acreditativo y el cheque con los dos mil euros de premio, sino tambi\u00e9n el aplauso de la concurrida audiencia por su simpat\u00eda y su aplomo. Al acto, organizado por Ediciones SM, que edita la novela ganadora, asistieron cuatro de las premiadas en a\u00f1os anteriores (de izquierda a derecha en la foto, con In\u00e9s en el centro, \u00c1frica V\u00e1zquez, Alba Quintas, Lorena Moreno y Andrea Abello.<\/p>\n<p style=\"text-align: center;\"><strong>ACTA DE LA CONCESI\u00d3N DEL XIII PREMIO<br \/>\nJORDI SIERRA I FABRA PARA J\u00d3VENES 2018<\/strong><\/p>\n<p><strong>\u00a0<\/strong>\u00a0\u00a0\u00a0\u00a0\u00a0\u00a0\u00a0\u00a0 Reunido en la ciudad de Barcelona a 8 de febrero de 2018, el jurado del D\u00e9cimo tercer Premio Jordi Sierra i Fabra para J\u00f3venes, integrado por D\u00aa Victoria Fern\u00e1ndez (directora de la revista CLIJ), D\u00aa Berta M\u00e1rquez (editora del Grupo Editorial SM), D\u00aa Elena O&#8217;Callaghan (escritora), D\u00aa Antonia Cortijos (en representaci\u00f3n de la Fundaci\u00f3 JSiF) y D. Pep Dur\u00e1n (librero), actuando como secretario sin voz ni voto D. Jordi Sierra i Fabra, se han acordado los siguientes fallos:<\/p>\n<p style=\"text-align: center;\"><strong><u>GANADOR DEL PREMIO JORDI SIERRA I FABRA<br \/>\n<\/u><\/strong><strong><u>PARA J\u00d3VENES 2018:<\/u><\/strong><\/p>\n<h4 style=\"text-align: center;\"><strong>In\u00e9s Cortell Cerd\u00e1,<\/strong><br \/>\n<strong>de Salem, Valencia,<\/strong><br \/>\n<strong>por \u201cBuenos d\u00edas, Laia\u201d<\/strong><\/h4>\n<p style=\"text-align: center;\"><strong>\u00a0<\/strong><strong><u>FINALISTAS<\/u><\/strong><\/p>\n<p style=\"text-align: center;\"><strong>\u00a0<\/strong>Primer finalista (ex aequo, por orden alfab\u00e9tico):<\/p>\n<p style=\"text-align: center;\"><strong>Luc\u00eda M\u00e9rida Perles,<br \/>\n<\/strong><strong>de M\u00e1laga,<br \/>\n<\/strong><strong>por \u201cAparcar en un parking\u201d<\/strong><\/p>\n<p style=\"text-align: center;\"><strong>Mar\u00eda Landa Barrio,<br \/>\n<\/strong><strong>de Madrid,<br \/>\n<\/strong><strong>por \u201cPodredumbre\u201d<\/strong><\/p>\n<p style=\"text-align: center;\"><strong>\u00a0S<\/strong>egundo finalista:<\/p>\n<p style=\"text-align: center;\"><strong>Estela Besc\u00f3s Garc\u00eda,<br \/>\n<\/strong><strong>de Zaragoza,<br \/>\n<\/strong><strong>por \u201cHumo\u201d<\/strong><strong>\u00a0<\/strong><\/p>\n<p style=\"text-align: center;\">Tercer finalista:<\/p>\n<p style=\"text-align: center;\"><strong>\u00a0<\/strong><strong>Alba Mato B\u00faa,<br \/>\n<\/strong><strong>de A Estrada, Pontevedra,<br \/>\n<\/strong><strong>por \u201cEl lamento de la v\u00edbora\u201d<\/strong><strong>\u00a0<\/strong><\/p>\n<p style=\"text-align: center;\">Cuarto finalista (ex aequo, por orden alfab\u00e9tico):<\/p>\n<p style=\"text-align: center;\"><strong>\u00a0<\/strong><strong>Claudia Guill\u00e9n Gonz\u00e1lez<br \/>\n<\/strong><strong>de M\u00e1laga,<br \/>\n<\/strong><strong>por \u201cM\u00e1s all\u00e1 de uno mismo\u201d<\/strong><strong>\u00a0<\/strong><\/p>\n<p style=\"text-align: center;\"><strong>In\u00e9s Cao Arcos<br \/>\n<\/strong><strong>de Teo, A Coru\u00f1a,<br \/>\n<\/strong><strong>por \u201cAmetsak, Amatsu\u201d<\/strong><strong>\u00a0<\/strong><\/p>\n<p style=\"text-align: center;\"><strong>Javier Navarro-Soto Egea,<br \/>\n<\/strong><strong>de Lorca, Murcia,<br \/>\n<\/strong><strong>por \u201cEl gris de los d\u00edas tristes\u201d<\/strong><\/p>\n<p style=\"text-align: center;\"><strong>\u00a0<\/strong><strong>Sandra Ferreiro Garc\u00eda,<br \/>\n<\/strong><strong>de A Estrada, Pontevedra,<br \/>\n<\/strong><strong>por \u201cDesaparecemos con el viento\u201d<\/strong><\/p>\n<p style=\"text-align: center;\"><strong>\u00a0<\/strong><strong><u>LISTA DE HONOR ORO (POR ORDEN ALFABETICO)<\/u><\/strong><\/p>\n<p style=\"text-align: center;\"><strong>B\u00e1rbara Aybar Ur\u00eda<\/strong>,<br \/>\nde Gij\u00f3n, Asturias,<br \/>\npor \u201cHeterocromia\u201d<\/p>\n<p style=\"text-align: center;\"><strong>Eva Diz Ferreira<\/strong>,<br \/>\nde Vigo, Pontevedra,<br \/>\npor \u201cTe tengo a ti\u201d<\/p>\n<p style=\"text-align: center;\"><strong>Julia G\u00f3mez Concejo &amp; Mar\u00eda Huete Hinojosa<\/strong>,<br \/>\nde Madrid,<br \/>\npor \u201cInc\u00f3gnitas de un desenlace\u201d<\/p>\n<p style=\"text-align: center;\"><strong>Luc\u00eda Ben\u00edtez Luque<\/strong>,<br \/>\nde Mijas, M\u00e1laga,<br \/>\npor \u201cRompiendo el silencio\u201d<\/p>\n<p style=\"text-align: center;\"><strong>Paula Buedo Torrej\u00f3n<\/strong>,<br \/>\nde Torrej\u00f3n de Velasco, Madrid,<br \/>\npor \u201cHistorias artificiales\u201d<\/p>\n<p style=\"text-align: center;\"><strong><u>LISTA DE HONOR PLATA (POR ORDEN ALFABETICO)<\/u><\/strong><\/p>\n<p style=\"text-align: center;\"><strong>Alejandro Prieto Toraasen<\/strong>,<br \/>\nde Cabrerizos, Salamanca,<br \/>\npor \u201cTres d\u00edas\u201d<\/p>\n<p style=\"text-align: center;\"><strong>Andrea Adam Mart\u00ednez<\/strong>,<br \/>\nde Valencia,<br \/>\npor \u201cTiempo embravecido\u201d<\/p>\n<p style=\"text-align: center;\"><strong>Celia Carrasco Gil<\/strong>,<br \/>\nde Tudela, Navarra,<br \/>\npor \u201cDesierto Covalente\u201d<\/p>\n<p style=\"text-align: center;\"><strong>Elena Romero Bonilla<\/strong>,<br \/>\nde C\u00e1diz,<br \/>\npor \u201cEl hilo de seda\u201d<\/p>\n<p style=\"text-align: center;\"><strong>Esther Go\u00f1i Houghton<\/strong>,<br \/>\nde Pamplona,<br \/>\npor \u201cMariposas\u201d<\/p>\n<p style=\"text-align: center;\"><strong>Isabel Fern\u00e1ndez Madrid<\/strong>,<br \/>\nde Zaragoza,<br \/>\npor \u201cCartas a un Don Nadie\u201d<\/p>\n<p style=\"text-align: center;\"><strong>Sergio Badules Rodr\u00edguez<\/strong>,<br \/>\nde Zaragoza,<br \/>\npor \u201cRelatos del ocaso\u201d<\/p>\n<p style=\"text-align: center;\"><strong>Valeria Garc\u00eda Gonz\u00e1lez<\/strong>,<br \/>\nde Madrid,<br \/>\npor \u201cPeligro en el Ala C\u201d<\/p>\n<p>Al Premio Literario Jordi Sierra i Fabra para J\u00f3venes 2018 se han presentado 52 obras procedentes de Espa\u00f1a, Per\u00fa, Colombia, Guatemala, Chile, M\u00e9xico y Argentina. Despu\u00e9s de la primera criba, pasaron 22 libros a la segunda fase, y de ella quedaron seleccionados los finalistas m\u00e1s los integrantes de la Lista de Honor en sus dos categor\u00edas, Oro y Plata. Un a\u00f1o m\u00e1s, y van trece, un buen n\u00famero de chicos y chicas a ambos lados del Atl\u00e1ntico consagr\u00f3 el verano a realizar su sue\u00f1o: escribir un libro. Al terminarlo muchos entendieron que ese era ya un premio en s\u00ed mismo.<\/p>\n<p>El nivel, alto, como siempre. En este sentido, mis recomendaciones, unidas al anexo de las bases del premio que aparecen en la web www.sierraifabra.com, y las lecciones o indicaciones que se publican en la revista gratuita de la Fundaci\u00f3 Jordi Sierra i Fabra, www.lapaginaescrita.com, os han servido a la mayor\u00eda. Un aplauso para aquellos concursantes que se presentaban por segunda, tercera o incluso cuarta vez, demostrando su constancia y amor por la literatura y entendiendo que este es un largo camino de aprendizaje antes de aspirar a publicar una primera obra. S\u00f3lo escribiendo se aprende a escribir. Como digo siempre, un concursante gana, pero los otros no pierden: compiten y se ponen a prueba, demostrando el valor que eso supone.,<\/p>\n<p>In\u00e9s Cortell Cerd\u00e1, la ganadora, naci\u00f3 el 2 de enero de 2003 y vive en Salem, Valencia. Su caso recuerda el de Jara Santamar\u00eda en 2006 y 2007. En aquella ocasi\u00f3n, en la primera convocatoria del premio en 2006, Jara qued\u00f3 en segundo lugar. Despu\u00e9s de hablar conmigo y escuchar mis consejos, se present\u00f3 al a\u00f1o siguiente y gan\u00f3 con \u201cTe comer\u00e1s el mundo\u201d. In\u00e9s qued\u00f3 en tercer lugar hace un a\u00f1o, con una novela de aventuras. En esta convocatoria ha sido la vencedora con una historia singular, atrevida, y hecha con un gran dominio, algo extraordinario si se tiene en cuenta que la empez\u00f3 a escribir con 13 a\u00f1os y la termin\u00f3 a poco de cumplir los 14, hace un a\u00f1o. Todo un prodigio.<\/p>\n<p>\u201cBuenos d\u00edas, Laia\u201d aborda el tema de las enfermedades poco conocidas. La protagonista tiene un hermano con el s\u00edndrome de Asperger, al que ha de aceptar primero y cuidar despu\u00e9s. Se trata de una obra dif\u00edcil, bien documentada, escrita con respeto e inteligencia y con un final apropiado. El jurado ha valorado estos aspectos, y tambi\u00e9n la agilidad, la frescura y la impresi\u00f3n de que, si se llevara al cine, ser\u00eda una gran pel\u00edcula. In\u00e9s me ha dicho, cuando le he dado la noticia del premio, que se le ocurri\u00f3 porque una conocida tiene un hijo autista. Habl\u00f3 con ella y con un psic\u00f3logo que la intrpdujeron tanto en el autismo como en tema de los afectados por Asperger. Para el personaje de la hermana se inspir\u00f3 en su propia hermana mayor, de 23 a\u00f1os. In\u00e9s tiene un hermano gemelo y vive con sus padres, estudia 4\u00ba de ESO porque la avanzaron un curso y, adem\u00e1s de escribir, su pasi\u00f3n, quiere estudiar derecho y llegar a fiscal.<\/p>\n<p>Ex aequo en segundo lugar han quedado dos novelas. \u201cAparcar en un parking\u201d est\u00e1 formada por tres historias cortas con un denominador com\u00fan. Tres temas muy interesantes, emigraci\u00f3n, homosexualidad y discapacidad, una buena idea estructural (el parking como centro en el que \u201caparcar\u201d prejuicios) y todo ello escrito con soltura y sin complicaciones. \u201cPodredumbre\u201d por el contrario es una novela de aventuras futuristas que derivan en la frontera del fantasy. Un grupo de activistas medioambientes trata de salvar el parque de Yellowstone, en Estados Unidos, que va a ser convertido en un lugar para construir casas. Una cient\u00edfica acaba siendo la protagonista involuntaria de cuanto sucede, y es mucho, hasta el buen final, abierto y lleno de inc\u00f3gnitas.<\/p>\n<p>La entrega del XIII Premio Literario Jordi Sierra i Fabra se realizar\u00e1 el primer fin de semana de la Feria del Libro de Madrid (\u00faltimo fin de semana de mayo), en el transcurso de un acto abierto al p\u00fablico en la Feria, con la presentaci\u00f3n de la novela ganadora ya editada.<\/p>\n<p><strong>Jordi Sierra i Fabra, 8 de febrero de 2018 <\/strong><\/p>\n<p><strong>\u00a0<\/strong>\u00a0\u00a0\u00a0\u00a0<a href=\"http:\/\/sierraifabra.com\/?page_id=592&amp;lang=es\">&lt;&lt; volver<\/a><\/p>\n","protected":false},"excerpt":{"rendered":"<p>ENTREGA DEL XIII PREMIO LITERARIO JORDI SIERRA I FABRA \u00a0 \u00a0 \u00a0 \u00a0\u00a0 \u00a0\u00a0 \u00a0\u00a0\u00a0\u00a0\u00a0\u00a0\u00a0\u00a0\u00a0 Se entreg\u00f3 en Madrid el XIII Premio Literario para J\u00f3venes Jordi Sierra i Fabra y se present\u00f3 la obra vencedora, \u201cBuenos d\u00edas, Laia\u201d. La ganadora, In\u00e9s Cortell Cerd\u00e1, de 15&hellip; <a class=\"read-more\" href=\"https:\/\/sierraifabra.com\/?page_id=4377&#038;lang=es\">Read more<\/a><\/p>\n","protected":false},"author":101012,"featured_media":0,"parent":592,"menu_order":0,"comment_status":"closed","ping_status":"closed","template":"","meta":{"footnotes":""},"class_list":["post-4377","page","type-page","status-publish","hentry"],"aioseo_notices":[],"_links":{"self":[{"href":"https:\/\/sierraifabra.com\/index.php?rest_route=\/wp\/v2\/pages\/4377","targetHints":{"allow":["GET"]}}],"collection":[{"href":"https:\/\/sierraifabra.com\/index.php?rest_route=\/wp\/v2\/pages"}],"about":[{"href":"https:\/\/sierraifabra.com\/index.php?rest_route=\/wp\/v2\/types\/page"}],"author":[{"embeddable":true,"href":"https:\/\/sierraifabra.com\/index.php?rest_route=\/wp\/v2\/users\/101012"}],"replies":[{"embeddable":true,"href":"https:\/\/sierraifabra.com\/index.php?rest_route=%2Fwp%2Fv2%2Fcomments&post=4377"}],"version-history":[{"count":0,"href":"https:\/\/sierraifabra.com\/index.php?rest_route=\/wp\/v2\/pages\/4377\/revisions"}],"up":[{"embeddable":true,"href":"https:\/\/sierraifabra.com\/index.php?rest_route=\/wp\/v2\/pages\/592"}],"wp:attachment":[{"href":"https:\/\/sierraifabra.com\/index.php?rest_route=%2Fwp%2Fv2%2Fmedia&parent=4377"}],"curies":[{"name":"wp","href":"https:\/\/api.w.org\/{rel}","templated":true}]}}